{"id":83,"date":"2023-06-12T15:45:30","date_gmt":"2023-06-12T13:45:30","guid":{"rendered":"https:\/\/www.hotel-france-camaret.com\/?page_id=83"},"modified":"2023-06-22T10:20:49","modified_gmt":"2023-06-22T08:20:49","slug":"the-darmorique-regional-park","status":"publish","type":"page","link":"https:\/\/www.hotel-france-camaret.com\/en\/cap-sur-la-bretagne-hotel-finistere\/le-parc-regional-darmorique\/","title":{"rendered":"Armorique Regional Park"},"content":{"rendered":"<div data-elementor-type=\"wp-page\" data-elementor-id=\"83\" class=\"elementor elementor-83\" data-elementor-post-type=\"page\">\n\t\t\t\t<div class=\"elementor-element elementor-element-5d88a0e3 e-flex e-con-boxed e-con e-parent\" data-id=\"5d88a0e3\" data-element_type=\"container\" data-e-type=\"container\" data-settings=\"{&quot;background_background&quot;:&quot;classic&quot;}\">\n\t\t\t\t\t<div class=\"e-con-inner\">\n\t\t\t\t<div class=\"elementor-element elementor-element-60c619cd elementor-widget elementor-widget-heading\" data-id=\"60c619cd\" data-element_type=\"widget\" data-e-type=\"widget\" data-widget_type=\"heading.default\">\n\t\t\t\t<div class=\"elementor-widget-container\">\n\t\t\t\t\t<h1 class=\"elementor-heading-title elementor-size-default\">Armorique Regional Park<\/h1>\t\t\t\t<\/div>\n\t\t\t\t<\/div>\n\t\t\t\t<div class=\"elementor-element elementor-element-7933cef4 elementor-widget elementor-widget-heading\" data-id=\"7933cef4\" data-element_type=\"widget\" data-e-type=\"widget\" data-widget_type=\"heading.default\">\n\t\t\t\t<div class=\"elementor-widget-container\">\n\t\t\t\t\t<h2 class=\"elementor-heading-title elementor-size-default\">In the heart of Finist\u00e8re in Brittany<\/h2>\t\t\t\t<\/div>\n\t\t\t\t<\/div>\n\t\t\t\t\t<\/div>\n\t\t\t\t<\/div>\n\t\t<div class=\"elementor-element elementor-element-7a067d56 e-flex e-con-boxed e-con e-parent\" data-id=\"7a067d56\" data-element_type=\"container\" data-e-type=\"container\" data-settings=\"{&quot;background_background&quot;:&quot;classic&quot;}\">\n\t\t\t\t\t<div class=\"e-con-inner\">\n\t\t<div class=\"elementor-element elementor-element-14d67d e-con-full e-flex e-con e-parent\" data-id=\"14d67d\" data-element_type=\"container\" data-e-type=\"container\">\n\t\t\t\t<div class=\"elementor-element elementor-element-74e37833 elementor-widget elementor-widget-heading\" data-id=\"74e37833\" data-element_type=\"widget\" data-e-type=\"widget\" data-widget_type=\"heading.default\">\n\t\t\t\t<div class=\"elementor-widget-container\">\n\t\t\t\t\t<h2 class=\"elementor-heading-title elementor-size-default\">In the heart of Finist\u00e8re in Brittany<\/h2>\t\t\t\t<\/div>\n\t\t\t\t<\/div>\n\t\t\t\t<div class=\"elementor-element elementor-element-a6703c1 elementor-widget elementor-widget-heading\" data-id=\"a6703c1\" data-element_type=\"widget\" data-e-type=\"widget\" data-widget_type=\"heading.default\">\n\t\t\t\t<div class=\"elementor-widget-container\">\n\t\t\t\t\t<h2 class=\"elementor-heading-title elementor-size-default\">Armorique Regional Park<\/h2>\t\t\t\t<\/div>\n\t\t\t\t<\/div>\n\t\t\t\t<div class=\"elementor-element elementor-element-41e1d0a5 elementor-widget elementor-widget-text-editor\" data-id=\"41e1d0a5\" data-element_type=\"widget\" data-e-type=\"widget\" data-widget_type=\"text-editor.default\">\n\t\t\t\t<div class=\"elementor-widget-container\">\n\t\t\t\t\t\t\t\t\t<p>Camaret-sur-Mer is part of the Armorique Regional National Park. It boasts a wide variety of landscapes, environments and activities representative of the landscape, ecological, economic and cultural diversity of Brittany.<\/p><p>From west to east, this area covers several distinct zones:<br \/>- the islands of the Mer d'Iroise<br \/>- the Crozon peninsula<br \/>- Maritime Aulne<br \/>- the Monts d'Arr\u00e9e<\/p><p>The missions of the Parc Naturel R\u00e9gional d'Armorique :<br \/>- participate in economic and social development,<br \/>- knowing, protecting, promoting and passing on the natural heritage (increasing and disseminating knowledge of natural environments, fauna, flora, etc.) and cultural heritage (Breton cultural identity, etc.);<br \/>- share its objectives with residents, elected representatives, etc.<\/p>\t\t\t\t\t\t\t\t<\/div>\n\t\t\t\t<\/div>\n\t\t\t\t<\/div>\n\t\t<div class=\"elementor-element elementor-element-1fbca271 e-con-full tourisme-img-left e-flex e-con e-parent\" data-id=\"1fbca271\" data-element_type=\"container\" data-e-type=\"container\">\n\t\t\t\t<div class=\"elementor-element elementor-element-3c688de6 elementor-widget elementor-widget-image\" data-id=\"3c688de6\" data-element_type=\"widget\" data-e-type=\"widget\" data-widget_type=\"image.default\">\n\t\t\t\t<div class=\"elementor-widget-container\">\n\t\t\t\t\t\t\t\t\t\t\t\t\t\t\t<img fetchpriority=\"high\" decoding=\"async\" width=\"677\" height=\"452\" src=\"https:\/\/www.hotel-france-camaret.com\/wp-content\/uploads\/2023\/06\/a533bda8d726689fdaba81033d4ef78d24d3dd48-1.jpeg\" class=\"attachment-large size-large wp-image-810\" alt=\"\" srcset=\"https:\/\/www.hotel-france-camaret.com\/wp-content\/uploads\/2023\/06\/a533bda8d726689fdaba81033d4ef78d24d3dd48-1.jpeg 677w, https:\/\/www.hotel-france-camaret.com\/wp-content\/uploads\/2023\/06\/a533bda8d726689fdaba81033d4ef78d24d3dd48-1-300x200.jpeg 300w, https:\/\/www.hotel-france-camaret.com\/wp-content\/uploads\/2023\/06\/a533bda8d726689fdaba81033d4ef78d24d3dd48-1-18x12.jpeg 18w\" sizes=\"(max-width: 677px) 100vw, 677px\" title=\"\">\t\t\t\t\t\t\t\t\t\t\t\t\t\t\t<\/div>\n\t\t\t\t<\/div>\n\t\t\t\t<\/div>\n\t\t\t\t\t<\/div>\n\t\t\t\t<\/div>\n\t\t<div class=\"elementor-element elementor-element-251cd397 e-flex e-con-boxed e-con e-parent\" data-id=\"251cd397\" data-element_type=\"container\" data-e-type=\"container\">\n\t\t\t\t\t<div class=\"e-con-inner\">\n\t\t\t\t<div class=\"elementor-element elementor-element-4b997e51 elementor-widget elementor-widget-heading\" data-id=\"4b997e51\" data-element_type=\"widget\" data-e-type=\"widget\" data-widget_type=\"heading.default\">\n\t\t\t\t<div class=\"elementor-widget-container\">\n\t\t\t\t\t<h3 class=\"elementor-heading-title elementor-size-default\">Find out more about Brittany<\/h3>\t\t\t\t<\/div>\n\t\t\t\t<\/div>\n\t\t\t\t<div class=\"elementor-element elementor-element-1888c421 elementor-post-navigation-borders-yes elementor-widget elementor-widget-post-navigation\" data-id=\"1888c421\" data-element_type=\"widget\" data-e-type=\"widget\" data-widget_type=\"post-navigation.default\">\n\t\t\t\t<div class=\"elementor-widget-container\">\n\t\t\t\t\t\t\t<div class=\"elementor-post-navigation\" role=\"navigation\" aria-label=\"Post Navigation\">\n\t\t\t<div class=\"elementor-post-navigation__prev elementor-post-navigation__link\">\n\t\t\t\t<a href=\"https:\/\/www.hotel-france-camaret.com\/en\/cap-sur-la-bretagne-hotel-finistere\/crozon-morgat\/\" rel=\"prev\"><span class=\"post-navigation__arrow-wrapper post-navigation__arrow-prev\"><i aria-hidden=\"true\" class=\"fas fa-angle-left\"><\/i><span class=\"elementor-screen-only\">Prev<\/span><\/span><span class=\"elementor-post-navigation__link__prev\"><span class=\"post-navigation__prev--title\">Crozon-Morgat<\/span><\/span><\/a>\t\t\t<\/div>\n\t\t\t\t\t\t\t<div class=\"elementor-post-navigation__separator-wrapper\">\n\t\t\t\t\t<div class=\"elementor-post-navigation__separator\"><\/div>\n\t\t\t\t<\/div>\n\t\t\t\t\t\t<div class=\"elementor-post-navigation__next elementor-post-navigation__link\">\n\t\t\t\t<a href=\"https:\/\/www.hotel-france-camaret.com\/en\/cap-sur-la-bretagne-hotel-finistere\/le-menez-hom\/\" rel=\"next\"><span class=\"elementor-post-navigation__link__next\"><span class=\"post-navigation__next--title\">Le Menez Hom<\/span><\/span><span class=\"post-navigation__arrow-wrapper post-navigation__arrow-next\"><i aria-hidden=\"true\" class=\"fas fa-angle-right\"><\/i><span class=\"elementor-screen-only\">Next<\/span><\/span><\/a>\t\t\t<\/div>\n\t\t<\/div>\n\t\t\t\t\t\t<\/div>\n\t\t\t\t<\/div>\n\t\t\t\t\t<\/div>\n\t\t\t\t<\/div>\n\t\t\t\t<\/div>","protected":false},"excerpt":{"rendered":"<p>Le Parc r\u00e9gional d&rsquo;Armorique Au c\u0153ur du Finist\u00e8re en Bretagne Au c\u0153ur du Finist\u00e8re en Bretagne Le Parc r\u00e9gional d&rsquo;Armorique Le territoire de la Commune de Camaret-sur-Mer fait partie du Parc National R\u00e9gional d&rsquo;Armorique. Il pr\u00e9sente une grande vari\u00e9t\u00e9 de paysages, de milieux et d&rsquo;activit\u00e9s repr\u00e9sentatives de la diversit\u00e9 paysag\u00e8re, \u00e9cologique, \u00e9conomique et culturelle de [&hellip;]<\/p>\n","protected":false},"author":12,"featured_media":0,"parent":61,"menu_order":0,"comment_status":"closed","ping_status":"closed","template":"","meta":{"inline_featured_image":false,"footnotes":""},"class_list":["post-83","page","type-page","status-publish","hentry"],"_links":{"self":[{"href":"https:\/\/www.hotel-france-camaret.com\/en\/wp-json\/wp\/v2\/pages\/83","targetHints":{"allow":["GET"]}}],"collection":[{"href":"https:\/\/www.hotel-france-camaret.com\/en\/wp-json\/wp\/v2\/pages"}],"about":[{"href":"https:\/\/www.hotel-france-camaret.com\/en\/wp-json\/wp\/v2\/types\/page"}],"author":[{"embeddable":true,"href":"https:\/\/www.hotel-france-camaret.com\/en\/wp-json\/wp\/v2\/users\/12"}],"replies":[{"embeddable":true,"href":"https:\/\/www.hotel-france-camaret.com\/en\/wp-json\/wp\/v2\/comments?post=83"}],"version-history":[{"count":10,"href":"https:\/\/www.hotel-france-camaret.com\/en\/wp-json\/wp\/v2\/pages\/83\/revisions"}],"predecessor-version":[{"id":1086,"href":"https:\/\/www.hotel-france-camaret.com\/en\/wp-json\/wp\/v2\/pages\/83\/revisions\/1086"}],"up":[{"embeddable":true,"href":"https:\/\/www.hotel-france-camaret.com\/en\/wp-json\/wp\/v2\/pages\/61"}],"wp:attachment":[{"href":"https:\/\/www.hotel-france-camaret.com\/en\/wp-json\/wp\/v2\/media?parent=83"}],"curies":[{"name":"wp","href":"https:\/\/api.w.org\/{rel}","templated":true}]}}